{"id":678,"date":"2020-02-11T09:04:51","date_gmt":"2020-02-11T08:04:51","guid":{"rendered":"http:\/\/new.rs-inmotion.de\/wordpress\/?page_id=678"},"modified":"2025-01-06T21:15:47","modified_gmt":"2025-01-06T20:15:47","slug":"aktuelles","status":"publish","type":"page","link":"https:\/\/new.rs-inmotion.de\/wordpress\/aktuelles\/","title":{"rendered":"Aktuelles"},"content":{"rendered":"<section class=\"l-section wpb_row us_custom_91ee60ea height_medium\"><div class=\"l-section-h i-cf\"><div class=\"g-cols vc_row via_flex valign_top type_default stacking_default\"><div class=\"vc_col-sm-4 wpb_column vc_column_container\"><div class=\"vc_column-inner\"><div class=\"wpb_wrapper\"><\/div><\/div><\/div><div class=\"vc_col-sm-4 wpb_column vc_column_container\"><div class=\"vc_column-inner\"><div class=\"wpb_wrapper\"><\/div><\/div><\/div><div class=\"vc_col-sm-4 wpb_column vc_column_container\"><div class=\"vc_column-inner\"><div class=\"wpb_wrapper\"><\/div><\/div><\/div><\/div><\/div><\/section><section class=\"l-section wpb_row us_custom_49f03bda height_medium\"><div class=\"l-section-overlay\" style=\"background:#f0e4f0\"><\/div><div class=\"l-section-h i-cf\"><div class=\"g-cols vc_row via_flex valign_top type_default stacking_default\"><div class=\"vc_col-sm-4 wpb_column vc_column_container\"><div class=\"vc_column-inner\"><div class=\"wpb_wrapper\"><div class=\"wpb_text_column\"><div class=\"wpb_wrapper\"><p style=\"text-align: center;\"><strong>06.01.2025<\/strong><\/p>\n<\/div><\/div><\/div><\/div><\/div><div class=\"vc_col-sm-4 wpb_column vc_column_container\"><div class=\"vc_column-inner\"><div class=\"vc_column-overlay\" style=\"background:var(--color-header-transparent-bg)\"><\/div><div class=\"wpb_wrapper\"><div class=\"w-image align_center\"><div class=\"w-image-h\"><img decoding=\"async\" width=\"225\" height=\"300\" src=\"https:\/\/new.rs-inmotion.de\/wordpress\/wp-content\/uploads\/PHOTO-2024-10-16-09-34-28-225x300.jpg\" class=\"attachment-medium size-medium\" alt=\"\" loading=\"lazy\" srcset=\"https:\/\/new.rs-inmotion.de\/wordpress\/wp-content\/uploads\/PHOTO-2024-10-16-09-34-28-225x300.jpg 225w, https:\/\/new.rs-inmotion.de\/wordpress\/wp-content\/uploads\/PHOTO-2024-10-16-09-34-28-768x1024.jpg 768w, https:\/\/new.rs-inmotion.de\/wordpress\/wp-content\/uploads\/PHOTO-2024-10-16-09-34-28.jpg 1536w\" sizes=\"auto, (max-width: 225px) 100vw, 225px\" \/><\/div><\/div><\/div><\/div><\/div><div class=\"vc_col-sm-4 wpb_column vc_column_container\"><div class=\"vc_column-inner\"><div class=\"vc_column-overlay\" style=\"background:var(--color-header-transparent-bg)\"><\/div><div class=\"wpb_wrapper\"><div class=\"wpb_text_column\"><div class=\"wpb_wrapper\"><h4>Darf ich vorstellen: meine erste feste Mitarbeiterin! Die liebe Simone wird mich ab sofort in der Praxis unterst\u00fctzen.<\/h4>\n<h2>Herzlich Willkommen!<\/h2>\n<\/div><\/div><\/div><\/div><\/div><\/div><\/div><\/section><section class=\"l-section wpb_row us_custom_49f03bda height_medium\"><div class=\"l-section-overlay\" style=\"background:var(--color-header-middle-bg)\"><\/div><div class=\"l-section-h i-cf\"><div class=\"g-cols vc_row via_flex valign_top type_default stacking_default\"><div class=\"vc_col-sm-4 wpb_column vc_column_container\"><div class=\"vc_column-inner\"><div class=\"wpb_wrapper\"><div class=\"wpb_text_column\"><div class=\"wpb_wrapper\"><p style=\"text-align: center;\"><strong>17.10.2024<\/strong><\/p>\n<\/div><\/div><\/div><\/div><\/div><div class=\"vc_col-sm-4 wpb_column vc_column_container\"><div class=\"vc_column-inner\"><div class=\"vc_column-overlay\" style=\"background:var(--color-header-transparent-bg)\"><\/div><div class=\"wpb_wrapper\"><div class=\"w-image align_center\"><div class=\"w-image-h\"><img decoding=\"async\" width=\"300\" height=\"202\" src=\"https:\/\/new.rs-inmotion.de\/wordpress\/wp-content\/uploads\/Bildschirmfoto-2024-10-18-um-19.58.22-300x202.png\" class=\"attachment-medium size-medium\" alt=\"\" loading=\"lazy\" srcset=\"https:\/\/new.rs-inmotion.de\/wordpress\/wp-content\/uploads\/Bildschirmfoto-2024-10-18-um-19.58.22-300x202.png 300w, https:\/\/new.rs-inmotion.de\/wordpress\/wp-content\/uploads\/Bildschirmfoto-2024-10-18-um-19.58.22-1024x691.png 1024w, https:\/\/new.rs-inmotion.de\/wordpress\/wp-content\/uploads\/Bildschirmfoto-2024-10-18-um-19.58.22-420x283.png 420w, https:\/\/new.rs-inmotion.de\/wordpress\/wp-content\/uploads\/Bildschirmfoto-2024-10-18-um-19.58.22.png 1974w\" sizes=\"auto, (max-width: 300px) 100vw, 300px\" \/><\/div><\/div><\/div><\/div><\/div><div class=\"vc_col-sm-4 wpb_column vc_column_container\"><div class=\"vc_column-inner\"><div class=\"vc_column-overlay\" style=\"background:var(--color-header-transparent-bg)\"><\/div><div class=\"wpb_wrapper\"><div class=\"wpb_text_column us_custom_6dd72a76\"><div class=\"wpb_wrapper\"><h3>Die \u00a0Hautgesundheit ist ein echtes Herzensthema geworden, sodass ich mich in diesem Bereich nochmals intensiv fortgebildet habe \ud83d\ude42<\/h3>\n<\/div><\/div><\/div><\/div><\/div><\/div><\/div><\/section><section class=\"l-section wpb_row us_custom_49f03bda height_medium\"><div class=\"l-section-overlay\" style=\"background:#f0e4f0\"><\/div><div class=\"l-section-h i-cf\"><div class=\"g-cols vc_row via_flex valign_top type_default stacking_default\"><div class=\"vc_col-sm-4 wpb_column vc_column_container\"><div class=\"vc_column-inner\"><div class=\"wpb_wrapper\"><div class=\"wpb_text_column\"><div class=\"wpb_wrapper\"><p style=\"text-align: center;\"><strong>05.09.2024<\/strong><\/p>\n<\/div><\/div><\/div><\/div><\/div><div class=\"vc_col-sm-4 wpb_column vc_column_container\"><div class=\"vc_column-inner\"><div class=\"vc_column-overlay\" style=\"background:var(--color-header-transparent-bg)\"><\/div><div class=\"wpb_wrapper\"><div class=\"w-image align_center\"><div class=\"w-image-h\"><img decoding=\"async\" width=\"300\" height=\"300\" src=\"https:\/\/new.rs-inmotion.de\/wordpress\/wp-content\/uploads\/Bildschirmfoto-2024-09-07-um-16.31.07-300x300.png\" class=\"attachment-medium size-medium\" alt=\"\" loading=\"lazy\" srcset=\"https:\/\/new.rs-inmotion.de\/wordpress\/wp-content\/uploads\/Bildschirmfoto-2024-09-07-um-16.31.07-300x300.png 300w, https:\/\/new.rs-inmotion.de\/wordpress\/wp-content\/uploads\/Bildschirmfoto-2024-09-07-um-16.31.07-1020x1024.png 1020w, https:\/\/new.rs-inmotion.de\/wordpress\/wp-content\/uploads\/Bildschirmfoto-2024-09-07-um-16.31.07-150x150.png 150w, https:\/\/new.rs-inmotion.de\/wordpress\/wp-content\/uploads\/Bildschirmfoto-2024-09-07-um-16.31.07-299x300.png 299w, https:\/\/new.rs-inmotion.de\/wordpress\/wp-content\/uploads\/Bildschirmfoto-2024-09-07-um-16.31.07.png 1696w\" sizes=\"auto, (max-width: 300px) 100vw, 300px\" \/><\/div><\/div><\/div><\/div><\/div><div class=\"vc_col-sm-4 wpb_column vc_column_container\"><div class=\"vc_column-inner\"><div class=\"vc_column-overlay\" style=\"background:var(--color-header-transparent-bg)\"><\/div><div class=\"wpb_wrapper\"><div class=\"wpb_text_column\"><div class=\"wpb_wrapper\"><h4><\/h4>\n<h4>Ich arbeite gerade an einem begleiteten Onlinekurs zum Thema: ganzheitliche Behandlung von Rosacea.<\/h4>\n<h4><strong><span style=\"color: #3366ff;\"><a style=\"color: #3366ff;\" href=\"http:\/\/www.rebecca-rosacea.de\">Hier <\/a><\/span><\/strong>geht&#8217;s zur Webseite dazu.<\/h4>\n<\/div><\/div><\/div><\/div><\/div><\/div><\/div><\/section><section class=\"l-section wpb_row us_custom_49f03bda height_medium\"><div class=\"l-section-overlay\" style=\"background:var(--color-header-middle-bg)\"><\/div><div class=\"l-section-h i-cf\"><div class=\"g-cols vc_row via_flex valign_top type_default stacking_default\"><div class=\"vc_col-sm-4 wpb_column vc_column_container\"><div class=\"vc_column-inner\"><div class=\"wpb_wrapper\"><div class=\"wpb_text_column\"><div class=\"wpb_wrapper\"><p style=\"text-align: center;\"><strong>17.03.2024<\/strong><\/p>\n<\/div><\/div><\/div><\/div><\/div><div class=\"vc_col-sm-4 wpb_column vc_column_container\"><div class=\"vc_column-inner\"><div class=\"vc_column-overlay\" style=\"background:var(--color-header-transparent-bg)\"><\/div><div class=\"wpb_wrapper\"><div class=\"w-image align_center\"><div class=\"w-image-h\"><img decoding=\"async\" width=\"300\" height=\"200\" src=\"https:\/\/new.rs-inmotion.de\/wordpress\/wp-content\/uploads\/Becci-2-300x200.jpg\" class=\"attachment-medium size-medium\" alt=\"\" loading=\"lazy\" srcset=\"https:\/\/new.rs-inmotion.de\/wordpress\/wp-content\/uploads\/Becci-2-300x200.jpg 300w, https:\/\/new.rs-inmotion.de\/wordpress\/wp-content\/uploads\/Becci-2-1024x683.jpg 1024w, https:\/\/new.rs-inmotion.de\/wordpress\/wp-content\/uploads\/Becci-2-420x280.jpg 420w\" sizes=\"auto, (max-width: 300px) 100vw, 300px\" \/><\/div><\/div><\/div><\/div><\/div><div class=\"vc_col-sm-4 wpb_column vc_column_container\"><div class=\"vc_column-inner\"><div class=\"vc_column-overlay\" style=\"background:var(--color-header-transparent-bg)\"><\/div><div class=\"wpb_wrapper\"><div class=\"wpb_text_column\"><div class=\"wpb_wrapper\"><h3>Charity Fotoshooting &#8222;Fuck Cancer&#8220; f\u00fcr mehr Aufmerksamkeit f\u00fcr das Thema Brustkrebs<\/h3>\n<\/div><\/div><\/div><\/div><\/div><\/div><\/div><\/section><section class=\"l-section wpb_row us_custom_49f03bda height_medium\"><div class=\"l-section-overlay\" style=\"background:#f0e4f0\"><\/div><div class=\"l-section-h i-cf\"><div class=\"g-cols vc_row via_flex valign_top type_default stacking_default\"><div class=\"vc_col-sm-4 wpb_column vc_column_container\"><div class=\"vc_column-inner\"><div class=\"wpb_wrapper\"><div class=\"wpb_text_column\"><div class=\"wpb_wrapper\"><p style=\"text-align: center;\"><strong>26.09.2023<\/strong><\/p>\n<\/div><\/div><\/div><\/div><\/div><div class=\"vc_col-sm-4 wpb_column vc_column_container\"><div class=\"vc_column-inner\"><div class=\"vc_column-overlay\" style=\"background:var(--color-header-transparent-bg)\"><\/div><div class=\"wpb_wrapper\"><div class=\"w-image align_center\"><div class=\"w-image-h\"><img decoding=\"async\" width=\"300\" height=\"200\" src=\"https:\/\/new.rs-inmotion.de\/wordpress\/wp-content\/uploads\/IMG_9562-300x200.jpg\" class=\"attachment-medium size-medium\" alt=\"\" loading=\"lazy\" srcset=\"https:\/\/new.rs-inmotion.de\/wordpress\/wp-content\/uploads\/IMG_9562-300x200.jpg 300w, https:\/\/new.rs-inmotion.de\/wordpress\/wp-content\/uploads\/IMG_9562-1024x683.jpg 1024w, https:\/\/new.rs-inmotion.de\/wordpress\/wp-content\/uploads\/IMG_9562-1536x1024.jpg 1536w, https:\/\/new.rs-inmotion.de\/wordpress\/wp-content\/uploads\/IMG_9562-2048x1365.jpg 2048w, https:\/\/new.rs-inmotion.de\/wordpress\/wp-content\/uploads\/IMG_9562-420x280.jpg 420w\" sizes=\"auto, (max-width: 300px) 100vw, 300px\" \/><\/div><\/div><\/div><\/div><\/div><div class=\"vc_col-sm-4 wpb_column vc_column_container\"><div class=\"vc_column-inner\"><div class=\"vc_column-overlay\" style=\"background:var(--color-header-transparent-bg)\"><\/div><div class=\"wpb_wrapper\"><div class=\"wpb_text_column\"><div class=\"wpb_wrapper\"><h2>Tag der offenen T\u00fcr<\/h2>\n<p>anl\u00e4sslich des 10-j\u00e4hrigen Praxisjubil\u00e4ums \ud83d\ude42<\/p>\n<h4>am 28.10. von 16 &#8211; 18 Uhr<\/h4>\n<p>Ich freue mich, wenn Ihr zahlreich erscheint.<\/p>\n<\/div><\/div><\/div><\/div><\/div><\/div><\/div><\/section><section class=\"l-section wpb_row us_custom_49f03bda height_medium\"><div class=\"l-section-overlay\" style=\"background:var(--color-header-middle-bg)\"><\/div><div class=\"l-section-h i-cf\"><div class=\"g-cols vc_row via_flex valign_top type_default stacking_default\"><div class=\"vc_col-sm-4 wpb_column vc_column_container\"><div class=\"vc_column-inner\"><div class=\"wpb_wrapper\"><div class=\"wpb_text_column\"><div class=\"wpb_wrapper\"><p style=\"text-align: center;\"><strong>28.02.2023<\/strong><\/p>\n<\/div><\/div><\/div><\/div><\/div><div class=\"vc_col-sm-4 wpb_column vc_column_container\"><div class=\"vc_column-inner\"><div class=\"vc_column-overlay\" style=\"background:var(--color-header-transparent-bg)\"><\/div><div class=\"wpb_wrapper\"><div class=\"w-image align_center\"><div class=\"w-image-h\"><img decoding=\"async\" width=\"300\" height=\"200\" src=\"https:\/\/new.rs-inmotion.de\/wordpress\/wp-content\/uploads\/sharon-mccutcheon-p203ekCK4Ac-unsplash-300x200.jpg\" class=\"attachment-medium size-medium\" alt=\"\" loading=\"lazy\" srcset=\"https:\/\/new.rs-inmotion.de\/wordpress\/wp-content\/uploads\/sharon-mccutcheon-p203ekCK4Ac-unsplash-300x200.jpg 300w, https:\/\/new.rs-inmotion.de\/wordpress\/wp-content\/uploads\/sharon-mccutcheon-p203ekCK4Ac-unsplash-1024x683.jpg 1024w, https:\/\/new.rs-inmotion.de\/wordpress\/wp-content\/uploads\/sharon-mccutcheon-p203ekCK4Ac-unsplash-1536x1024.jpg 1536w, https:\/\/new.rs-inmotion.de\/wordpress\/wp-content\/uploads\/sharon-mccutcheon-p203ekCK4Ac-unsplash-2048x1365.jpg 2048w, https:\/\/new.rs-inmotion.de\/wordpress\/wp-content\/uploads\/sharon-mccutcheon-p203ekCK4Ac-unsplash-420x280.jpg 420w\" sizes=\"auto, (max-width: 300px) 100vw, 300px\" \/><\/div><\/div><\/div><\/div><\/div><div class=\"vc_col-sm-4 wpb_column vc_column_container\"><div class=\"vc_column-inner\"><div class=\"vc_column-overlay\" style=\"background:var(--color-header-transparent-bg)\"><\/div><div class=\"wpb_wrapper\"><div class=\"wpb_text_column\"><div class=\"wpb_wrapper\"><h2><a href=\"\/wordpress\/Anwendungen\/#neurofeedback\">Neurofeedback bei AD(H)S<\/a><\/h2>\n<p>Das Gehirn lernt durch das visuelle und akustische Feedback, das es in der Behandlung bekommt, sich besser zu regulieren.<\/p>\n<p>Konzentration, Hyperaktivit\u00e4t und Impulsivit\u00e4t k\u00f6nnen verbessert werden.<\/p>\n<\/div><\/div><\/div><\/div><\/div><\/div><\/div><\/section><section class=\"l-section wpb_row us_custom_49f03bda height_medium\"><div class=\"l-section-overlay\" style=\"background:#f0e4f0\"><\/div><div class=\"l-section-h i-cf\"><div class=\"g-cols vc_row via_flex valign_top type_default stacking_default\"><div class=\"vc_col-sm-4 wpb_column vc_column_container\"><div class=\"vc_column-inner\"><div class=\"wpb_wrapper\"><div class=\"wpb_text_column\"><div class=\"wpb_wrapper\"><p style=\"text-align: center;\"><strong>05.12.2022<\/strong><\/p>\n<\/div><\/div><\/div><\/div><\/div><div class=\"vc_col-sm-4 wpb_column vc_column_container\"><div class=\"vc_column-inner\"><div class=\"vc_column-overlay\" style=\"background:#f0e4f0\"><\/div><div class=\"wpb_wrapper\"><div class=\"w-image align_center\"><div class=\"w-image-h\"><img decoding=\"async\" width=\"300\" height=\"225\" src=\"https:\/\/new.rs-inmotion.de\/wordpress\/wp-content\/uploads\/mistletoe-berries-gb64501fd7_1920-300x225.jpg\" class=\"attachment-medium size-medium\" alt=\"\" loading=\"lazy\" srcset=\"https:\/\/new.rs-inmotion.de\/wordpress\/wp-content\/uploads\/mistletoe-berries-gb64501fd7_1920-300x225.jpg 300w, https:\/\/new.rs-inmotion.de\/wordpress\/wp-content\/uploads\/mistletoe-berries-gb64501fd7_1920-1024x768.jpg 1024w, https:\/\/new.rs-inmotion.de\/wordpress\/wp-content\/uploads\/mistletoe-berries-gb64501fd7_1920-400x300.jpg 400w, https:\/\/new.rs-inmotion.de\/wordpress\/wp-content\/uploads\/mistletoe-berries-gb64501fd7_1920.jpg 1920w\" sizes=\"auto, (max-width: 300px) 100vw, 300px\" \/><\/div><\/div><\/div><\/div><\/div><div class=\"vc_col-sm-4 wpb_column vc_column_container\"><div class=\"vc_column-inner\"><div class=\"vc_column-overlay\" style=\"background:#f0e4f0\"><\/div><div class=\"wpb_wrapper\"><div class=\"wpb_text_column\"><div class=\"wpb_wrapper\"><h4 style=\"text-align: center;\">Jetzt NEU: Misteltherapie<\/h4>\n<p style=\"text-align: center;\">Als begleitende Therapie von Krebserkrankungen.<\/p>\n<p style=\"text-align: center;\">Kann Nebenwirkungen der Prim\u00e4rtherapie lindern und die Wirkung von Chemotherapeutika erh\u00f6hen. Leitlinienkonforme Komplement\u00e4rbehandlung.<\/p>\n<\/div><\/div><\/div><\/div><\/div><\/div><\/div><\/section><section class=\"l-section wpb_row us_custom_49f03bda height_medium\"><div class=\"l-section-overlay\" style=\"background:#ffffff\"><\/div><div class=\"l-section-h i-cf\"><div class=\"g-cols vc_row via_flex valign_top type_default stacking_default\"><div class=\"vc_col-sm-4 wpb_column vc_column_container\"><div class=\"vc_column-inner\"><div class=\"wpb_wrapper\"><div class=\"wpb_text_column\"><div class=\"wpb_wrapper\"><p style=\"text-align: center;\"><strong>07.07.2022<\/strong><\/p>\n<\/div><\/div><\/div><\/div><\/div><div class=\"vc_col-sm-4 wpb_column vc_column_container\"><div class=\"vc_column-inner\"><div class=\"vc_column-overlay\" style=\"background:#ffffff\"><\/div><div class=\"wpb_wrapper\"><div class=\"w-image align_center\"><div class=\"w-image-h\"><img decoding=\"async\" width=\"300\" height=\"200\" src=\"https:\/\/new.rs-inmotion.de\/wordpress\/wp-content\/uploads\/sebastian-pena-lambarri-Am6DHuyQBA8-unsplash-300x200.jpg\" class=\"attachment-medium size-medium\" alt=\"\" loading=\"lazy\" srcset=\"https:\/\/new.rs-inmotion.de\/wordpress\/wp-content\/uploads\/sebastian-pena-lambarri-Am6DHuyQBA8-unsplash-300x200.jpg 300w, https:\/\/new.rs-inmotion.de\/wordpress\/wp-content\/uploads\/sebastian-pena-lambarri-Am6DHuyQBA8-unsplash-1024x683.jpg 1024w, https:\/\/new.rs-inmotion.de\/wordpress\/wp-content\/uploads\/sebastian-pena-lambarri-Am6DHuyQBA8-unsplash-420x280.jpg 420w\" sizes=\"auto, (max-width: 300px) 100vw, 300px\" \/><\/div><\/div><\/div><\/div><\/div><div class=\"vc_col-sm-4 wpb_column vc_column_container\"><div class=\"vc_column-inner\"><div class=\"vc_column-overlay\" style=\"background:#ffffff\"><\/div><div class=\"wpb_wrapper\"><div class=\"wpb_text_column\"><div class=\"wpb_wrapper\"><h5><\/h5>\n<h3 style=\"text-align: center;\"><i>Ich bin im Sommerurlaub vom 21.7. bis 3.8.22<\/i><\/h3>\n<\/div><\/div><\/div><\/div><\/div><\/div><\/div><\/section><section class=\"l-section wpb_row us_custom_49f03bda height_medium\"><div class=\"l-section-overlay\" style=\"background:#f0e4f0\"><\/div><div class=\"l-section-h i-cf\"><div class=\"g-cols vc_row via_flex valign_top type_default stacking_default\"><div class=\"vc_col-sm-4 wpb_column vc_column_container\"><div class=\"vc_column-inner\"><div class=\"wpb_wrapper\"><div class=\"wpb_text_column\"><div class=\"wpb_wrapper\"><p style=\"text-align: center;\"><strong>23.05.2022<\/strong><\/p>\n<\/div><\/div><\/div><\/div><\/div><div class=\"vc_col-sm-4 wpb_column vc_column_container\"><div class=\"vc_column-inner\"><div class=\"vc_column-overlay\" style=\"background:#f0e4f0\"><\/div><div class=\"wpb_wrapper\"><div class=\"w-image align_center\"><div class=\"w-image-h\"><img decoding=\"async\" width=\"300\" height=\"225\" src=\"https:\/\/new.rs-inmotion.de\/wordpress\/wp-content\/uploads\/IMG_4202-300x225.jpg\" class=\"attachment-medium size-medium\" alt=\"\" loading=\"lazy\" srcset=\"https:\/\/new.rs-inmotion.de\/wordpress\/wp-content\/uploads\/IMG_4202-300x225.jpg 300w, https:\/\/new.rs-inmotion.de\/wordpress\/wp-content\/uploads\/IMG_4202-1024x768.jpg 1024w, https:\/\/new.rs-inmotion.de\/wordpress\/wp-content\/uploads\/IMG_4202-400x300.jpg 400w\" sizes=\"auto, (max-width: 300px) 100vw, 300px\" \/><\/div><\/div><\/div><\/div><\/div><div class=\"vc_col-sm-4 wpb_column vc_column_container\"><div class=\"vc_column-inner\"><div class=\"vc_column-overlay\" style=\"background:#f0e4f0\"><\/div><div class=\"wpb_wrapper\"><div class=\"wpb_text_column\"><div class=\"wpb_wrapper\"><h5><\/h5>\n<h4 style=\"text-align: center;\"><i>Die wunderbaren \u00e4therischen \u00d6le von Primavera gibt es bei mir mit 5% Rabatt auf die UVP<\/i><\/h4>\n<\/div><\/div><\/div><\/div><\/div><\/div><\/div><\/section><section class=\"l-section wpb_row us_custom_49f03bda height_medium\"><div class=\"l-section-overlay\" style=\"background:#ffffff\"><\/div><div class=\"l-section-h i-cf\"><div class=\"g-cols vc_row via_flex valign_top type_default stacking_default\"><div class=\"vc_col-sm-4 wpb_column vc_column_container\"><div class=\"vc_column-inner\"><div class=\"wpb_wrapper\"><div class=\"wpb_text_column\"><div class=\"wpb_wrapper\"><p style=\"text-align: center;\"><strong>04.04.2022<\/strong><\/p>\n<\/div><\/div><\/div><\/div><\/div><div class=\"vc_col-sm-4 wpb_column vc_column_container\"><div class=\"vc_column-inner\"><div class=\"vc_column-overlay\" style=\"background:#ffffff\"><\/div><div class=\"wpb_wrapper\"><div class=\"w-image align_center\"><div class=\"w-image-h\"><img decoding=\"async\" width=\"300\" height=\"200\" src=\"https:\/\/new.rs-inmotion.de\/wordpress\/wp-content\/uploads\/markus-winkler-i-NxU7b5oAM-unsplash-300x200.jpg\" class=\"attachment-medium size-medium\" alt=\"\" loading=\"lazy\" srcset=\"https:\/\/new.rs-inmotion.de\/wordpress\/wp-content\/uploads\/markus-winkler-i-NxU7b5oAM-unsplash-300x200.jpg 300w, https:\/\/new.rs-inmotion.de\/wordpress\/wp-content\/uploads\/markus-winkler-i-NxU7b5oAM-unsplash-1024x683.jpg 1024w, https:\/\/new.rs-inmotion.de\/wordpress\/wp-content\/uploads\/markus-winkler-i-NxU7b5oAM-unsplash-1536x1024.jpg 1536w, https:\/\/new.rs-inmotion.de\/wordpress\/wp-content\/uploads\/markus-winkler-i-NxU7b5oAM-unsplash-2048x1365.jpg 2048w, https:\/\/new.rs-inmotion.de\/wordpress\/wp-content\/uploads\/markus-winkler-i-NxU7b5oAM-unsplash-420x280.jpg 420w\" sizes=\"auto, (max-width: 300px) 100vw, 300px\" \/><\/div><\/div><\/div><\/div><\/div><div class=\"vc_col-sm-4 wpb_column vc_column_container\"><div class=\"vc_column-inner\"><div class=\"vc_column-overlay\" style=\"background:#ffffff\"><\/div><div class=\"wpb_wrapper\"><div class=\"wpb_text_column\"><div class=\"wpb_wrapper\"><h5><\/h5>\n<h3 style=\"text-align: center;\"><i>Die Maskenpflicht bleibt in therapeutischen Praxen auch weiterhin bestehen.<\/i><\/h3>\n<\/div><\/div><\/div><\/div><\/div><\/div><\/div><\/section><section class=\"l-section wpb_row us_custom_49f03bda height_medium\"><div class=\"l-section-overlay\" style=\"background:#f0e4f0\"><\/div><div class=\"l-section-h i-cf\"><div class=\"g-cols vc_row via_flex valign_top type_default stacking_default\"><div class=\"vc_col-sm-4 wpb_column vc_column_container\"><div class=\"vc_column-inner\"><div class=\"wpb_wrapper\"><div class=\"wpb_text_column\"><div class=\"wpb_wrapper\"><p style=\"text-align: center;\"><strong>24.01.2022<\/strong><\/p>\n<\/div><\/div><\/div><\/div><\/div><div class=\"vc_col-sm-4 wpb_column vc_column_container\"><div class=\"vc_column-inner\"><div class=\"vc_column-overlay\" style=\"background:#f0e4f0\"><\/div><div class=\"wpb_wrapper\"><div class=\"w-image align_center\"><div class=\"w-image-h\"><img decoding=\"async\" width=\"300\" height=\"200\" src=\"https:\/\/new.rs-inmotion.de\/wordpress\/wp-content\/uploads\/kimia-zarifi-AVJ321HJFl4-unsplash-300x200.jpg\" class=\"attachment-medium size-medium\" alt=\"\" loading=\"lazy\" srcset=\"https:\/\/new.rs-inmotion.de\/wordpress\/wp-content\/uploads\/kimia-zarifi-AVJ321HJFl4-unsplash-300x200.jpg 300w, https:\/\/new.rs-inmotion.de\/wordpress\/wp-content\/uploads\/kimia-zarifi-AVJ321HJFl4-unsplash-1024x683.jpg 1024w, https:\/\/new.rs-inmotion.de\/wordpress\/wp-content\/uploads\/kimia-zarifi-AVJ321HJFl4-unsplash-420x280.jpg 420w\" sizes=\"auto, (max-width: 300px) 100vw, 300px\" \/><\/div><\/div><\/div><\/div><\/div><div class=\"vc_col-sm-4 wpb_column vc_column_container\"><div class=\"vc_column-inner\"><div class=\"vc_column-overlay\" style=\"background:#f0e4f0\"><\/div><div class=\"wpb_wrapper\"><div class=\"wpb_text_column\"><div class=\"wpb_wrapper\"><h5><\/h5>\n<h5 style=\"text-align: center;\"><i>Studie: Ohrakupunktur bei Arthrose<\/i><\/h5>\n<p style=\"text-align: center;\">6x Ohrakupunktur in 3 Wochen mit 20% Rabatt<br \/>\nJetzt anmelden!<\/p>\n<\/div><\/div><\/div><\/div><\/div><\/div><\/div><\/section><section class=\"l-section wpb_row us_custom_49f03bda height_medium\"><div class=\"l-section-overlay\" style=\"background:#ffffff\"><\/div><div class=\"l-section-h i-cf\"><div class=\"g-cols vc_row via_flex valign_top type_default stacking_default\"><div class=\"vc_col-sm-4 wpb_column vc_column_container\"><div class=\"vc_column-inner\"><div class=\"wpb_wrapper\"><div class=\"wpb_text_column\"><div class=\"wpb_wrapper\"><p style=\"text-align: center;\"><strong>14.07.2021<\/strong><\/p>\n<\/div><\/div><\/div><\/div><\/div><div class=\"vc_col-sm-4 wpb_column vc_column_container\"><div class=\"vc_column-inner\"><div class=\"vc_column-overlay\" style=\"background:#ffffff\"><\/div><div class=\"wpb_wrapper\"><div class=\"w-image align_center\"><div class=\"w-image-h\"><img decoding=\"async\" width=\"300\" height=\"200\" src=\"https:\/\/new.rs-inmotion.de\/wordpress\/wp-content\/uploads\/kong-jun-HS5lkSGvKIQ-unsplash-300x200.jpg\" class=\"attachment-medium size-medium\" alt=\"\" loading=\"lazy\" srcset=\"https:\/\/new.rs-inmotion.de\/wordpress\/wp-content\/uploads\/kong-jun-HS5lkSGvKIQ-unsplash-300x200.jpg 300w, https:\/\/new.rs-inmotion.de\/wordpress\/wp-content\/uploads\/kong-jun-HS5lkSGvKIQ-unsplash-1024x683.jpg 1024w, https:\/\/new.rs-inmotion.de\/wordpress\/wp-content\/uploads\/kong-jun-HS5lkSGvKIQ-unsplash-1536x1024.jpg 1536w, https:\/\/new.rs-inmotion.de\/wordpress\/wp-content\/uploads\/kong-jun-HS5lkSGvKIQ-unsplash-2048x1365.jpg 2048w, https:\/\/new.rs-inmotion.de\/wordpress\/wp-content\/uploads\/kong-jun-HS5lkSGvKIQ-unsplash-420x280.jpg 420w\" sizes=\"auto, (max-width: 300px) 100vw, 300px\" \/><\/div><\/div><\/div><\/div><\/div><div class=\"vc_col-sm-4 wpb_column vc_column_container\"><div class=\"vc_column-inner\"><div class=\"vc_column-overlay\" style=\"background:#ffffff\"><\/div><div class=\"wpb_wrapper\"><div class=\"wpb_text_column\"><div class=\"wpb_wrapper\"><h5><\/h5>\n<h5 style=\"text-align: center;\"><i>Ich bin vom 26.7. &#8211; 13.8. im Urlaub<br \/>\n<\/i><i style=\"font-family: inherit; font-size: 16px;\">\ud83d\ude42<\/i><\/h5>\n<h6 style=\"text-align: center;\">Die liebe Sandra wird mich vertreten.<\/h6>\n<\/div><\/div><\/div><\/div><\/div><\/div><\/div><\/section><section class=\"l-section wpb_row us_custom_49f03bda height_medium\"><div class=\"l-section-overlay\" style=\"background:#f0e4f0\"><\/div><div class=\"l-section-h i-cf\"><div class=\"g-cols vc_row via_flex valign_top type_default stacking_default\"><div class=\"vc_col-sm-4 wpb_column vc_column_container\"><div class=\"vc_column-inner\"><div class=\"wpb_wrapper\"><div class=\"wpb_text_column\"><div class=\"wpb_wrapper\"><p style=\"text-align: center;\"><strong>19.03.2021<\/strong><\/p>\n<\/div><\/div><\/div><\/div><\/div><div class=\"vc_col-sm-4 wpb_column vc_column_container\"><div class=\"vc_column-inner\"><div class=\"wpb_wrapper\"><div class=\"w-image align_center\"><div class=\"w-image-h\"><img decoding=\"async\" width=\"300\" height=\"200\" src=\"https:\/\/new.rs-inmotion.de\/wordpress\/wp-content\/uploads\/kyle-smith-SIZ66vF4FKA-unsplash-300x200.jpg\" class=\"attachment-medium size-medium\" alt=\"\" loading=\"lazy\" srcset=\"https:\/\/new.rs-inmotion.de\/wordpress\/wp-content\/uploads\/kyle-smith-SIZ66vF4FKA-unsplash-300x200.jpg 300w, https:\/\/new.rs-inmotion.de\/wordpress\/wp-content\/uploads\/kyle-smith-SIZ66vF4FKA-unsplash-1024x683.jpg 1024w, https:\/\/new.rs-inmotion.de\/wordpress\/wp-content\/uploads\/kyle-smith-SIZ66vF4FKA-unsplash-1536x1024.jpg 1536w, https:\/\/new.rs-inmotion.de\/wordpress\/wp-content\/uploads\/kyle-smith-SIZ66vF4FKA-unsplash-2048x1365.jpg 2048w, https:\/\/new.rs-inmotion.de\/wordpress\/wp-content\/uploads\/kyle-smith-SIZ66vF4FKA-unsplash-420x280.jpg 420w\" sizes=\"auto, (max-width: 300px) 100vw, 300px\" \/><\/div><\/div><\/div><\/div><\/div><div class=\"vc_col-sm-4 wpb_column vc_column_container\"><div class=\"vc_column-inner\"><div class=\"wpb_wrapper\"><div class=\"wpb_text_column\"><div class=\"wpb_wrapper\"><p style=\"text-align: center;\"><i>Fortbildung Ohrakupunktur f\u00fcr Fortgeschrittene erfolgreich abgeschlossen. Ich habe wieder viele neue Impulse und Behandlungsm\u00f6glichkeiten mitgenommen. Also: Zeigt her Eure Ohren&#8230;\u00a0<\/i><\/p>\n<\/div><\/div><\/div><\/div><\/div><\/div><\/div><\/section><section class=\"l-section wpb_row us_custom_49f03bda height_medium\"><div class=\"l-section-overlay\" style=\"background:#ffffff\"><\/div><div class=\"l-section-h i-cf\"><div class=\"g-cols vc_row via_flex valign_top type_default stacking_default\"><div class=\"vc_col-sm-4 wpb_column vc_column_container\"><div class=\"vc_column-inner\"><div class=\"wpb_wrapper\"><div class=\"wpb_text_column\"><div class=\"wpb_wrapper\"><p style=\"text-align: center;\"><strong>23.12.2020<\/strong><\/p>\n<\/div><\/div><\/div><\/div><\/div><div class=\"vc_col-sm-4 wpb_column vc_column_container\"><div class=\"vc_column-inner\"><div class=\"wpb_wrapper\"><div class=\"w-image align_center\"><div class=\"w-image-h\"><img decoding=\"async\" width=\"300\" height=\"200\" src=\"https:\/\/new.rs-inmotion.de\/wordpress\/wp-content\/uploads\/zan-zkRreQyOI7w-unsplash-300x200.jpg\" class=\"attachment-medium size-medium\" alt=\"\" loading=\"lazy\" srcset=\"https:\/\/new.rs-inmotion.de\/wordpress\/wp-content\/uploads\/zan-zkRreQyOI7w-unsplash-300x200.jpg 300w, https:\/\/new.rs-inmotion.de\/wordpress\/wp-content\/uploads\/zan-zkRreQyOI7w-unsplash-1024x683.jpg 1024w, https:\/\/new.rs-inmotion.de\/wordpress\/wp-content\/uploads\/zan-zkRreQyOI7w-unsplash-1536x1024.jpg 1536w, https:\/\/new.rs-inmotion.de\/wordpress\/wp-content\/uploads\/zan-zkRreQyOI7w-unsplash-2048x1365.jpg 2048w, https:\/\/new.rs-inmotion.de\/wordpress\/wp-content\/uploads\/zan-zkRreQyOI7w-unsplash-420x280.jpg 420w\" sizes=\"auto, (max-width: 300px) 100vw, 300px\" \/><\/div><\/div><\/div><\/div><\/div><div class=\"vc_col-sm-4 wpb_column vc_column_container\"><div class=\"vc_column-inner\"><div class=\"wpb_wrapper\"><div class=\"wpb_text_column\"><div class=\"wpb_wrapper\"><h3 style=\"text-align: center;\"><em>Frohe Weihnachten<\/em><\/h3>\n<h3 style=\"text-align: center;\">und alles Liebe!<\/h3>\n<\/div><\/div><\/div><\/div><\/div><\/div><\/div><\/section><section class=\"l-section wpb_row us_custom_49f03bda height_medium\"><div class=\"l-section-overlay\" style=\"background:#f0e4f0\"><\/div><div class=\"l-section-h i-cf\"><div class=\"g-cols vc_row via_flex valign_top type_default stacking_default\"><div class=\"vc_col-sm-4 wpb_column vc_column_container\"><div class=\"vc_column-inner\"><div class=\"wpb_wrapper\"><div class=\"wpb_text_column\"><div class=\"wpb_wrapper\"><p style=\"text-align: center;\"><strong>21.09.2020<\/strong><\/p>\n<\/div><\/div><\/div><\/div><\/div><div class=\"vc_col-sm-4 wpb_column vc_column_container\"><div class=\"vc_column-inner\"><div class=\"wpb_wrapper\"><div class=\"w-image align_center\"><div class=\"w-image-h\"><img decoding=\"async\" width=\"300\" height=\"200\" src=\"https:\/\/new.rs-inmotion.de\/wordpress\/wp-content\/uploads\/Raum-2.2-300x200.jpg\" class=\"attachment-medium size-medium\" alt=\"\" loading=\"lazy\" srcset=\"https:\/\/new.rs-inmotion.de\/wordpress\/wp-content\/uploads\/Raum-2.2-300x200.jpg 300w, https:\/\/new.rs-inmotion.de\/wordpress\/wp-content\/uploads\/Raum-2.2-1024x683.jpg 1024w, https:\/\/new.rs-inmotion.de\/wordpress\/wp-content\/uploads\/Raum-2.2-1536x1024.jpg 1536w, https:\/\/new.rs-inmotion.de\/wordpress\/wp-content\/uploads\/Raum-2.2-2048x1365.jpg 2048w, https:\/\/new.rs-inmotion.de\/wordpress\/wp-content\/uploads\/Raum-2.2-420x280.jpg 420w\" sizes=\"auto, (max-width: 300px) 100vw, 300px\" \/><\/div><\/div><\/div><\/div><\/div><div class=\"vc_col-sm-4 wpb_column vc_column_container\"><div class=\"vc_column-inner\"><div class=\"wpb_wrapper\"><div class=\"wpb_text_column\"><div class=\"wpb_wrapper\"><h5 style=\"text-align: center;\"><em>Ich brauche Verst\u00e4rkung!<\/em><\/h5>\n<p style=\"text-align: center;\">Ich suche zum n\u00e4chst m\u00f6glichen Zeitpunkt<\/p>\n<p style=\"text-align: center;\">eine Physiotherapeutin (m\/w\/d)<\/p>\n<p style=\"text-align: center;\">auf 450\u20ac Basis oder selbstst\u00e4ndig.<\/p>\n<p style=\"text-align: center;\">Ich freue mich auf Bewerbungen!<\/p>\n<\/div><\/div><\/div><\/div><\/div><\/div><\/div><\/section><section class=\"l-section wpb_row us_custom_49f03bda height_medium\"><div class=\"l-section-overlay\" style=\"background:#ffffff\"><\/div><div class=\"l-section-h i-cf\"><div class=\"g-cols vc_row via_flex valign_top type_default stacking_default\"><div class=\"vc_col-sm-4 wpb_column vc_column_container\"><div class=\"vc_column-inner\"><div class=\"wpb_wrapper\"><div class=\"wpb_text_column\"><div class=\"wpb_wrapper\"><p style=\"text-align: center;\"><strong>28.06.2020<\/strong><\/p>\n<\/div><\/div><\/div><\/div><\/div><div class=\"vc_col-sm-4 wpb_column vc_column_container\"><div class=\"vc_column-inner\"><div class=\"wpb_wrapper\"><div class=\"w-image align_center\"><div class=\"w-image-h\"><img decoding=\"async\" width=\"300\" height=\"200\" src=\"https:\/\/new.rs-inmotion.de\/wordpress\/wp-content\/uploads\/kong-jun-HS5lkSGvKIQ-unsplash-300x200.jpg\" class=\"attachment-medium size-medium\" alt=\"\" loading=\"lazy\" srcset=\"https:\/\/new.rs-inmotion.de\/wordpress\/wp-content\/uploads\/kong-jun-HS5lkSGvKIQ-unsplash-300x200.jpg 300w, https:\/\/new.rs-inmotion.de\/wordpress\/wp-content\/uploads\/kong-jun-HS5lkSGvKIQ-unsplash-1024x683.jpg 1024w, https:\/\/new.rs-inmotion.de\/wordpress\/wp-content\/uploads\/kong-jun-HS5lkSGvKIQ-unsplash-1536x1024.jpg 1536w, https:\/\/new.rs-inmotion.de\/wordpress\/wp-content\/uploads\/kong-jun-HS5lkSGvKIQ-unsplash-2048x1365.jpg 2048w, https:\/\/new.rs-inmotion.de\/wordpress\/wp-content\/uploads\/kong-jun-HS5lkSGvKIQ-unsplash-420x280.jpg 420w\" sizes=\"auto, (max-width: 300px) 100vw, 300px\" \/><\/div><\/div><\/div><\/div><\/div><div class=\"vc_col-sm-4 wpb_column vc_column_container\"><div class=\"vc_column-inner\"><div class=\"wpb_wrapper\"><div class=\"wpb_text_column\"><div class=\"wpb_wrapper\"><h5 style=\"text-align: center;\"><em>&#8230;Urlaub&#8230;<\/em><\/h5>\n<h6 style=\"text-align: center;\"><strong>Liebe Patienten<\/strong><\/h6>\n<p style=\"text-align: center;\">Die Praxis bleibt in der Zeit<\/p>\n<p style=\"text-align: center;\">vom 18.07. bis 11.08.2020 geschlossen.<\/p>\n<p style=\"text-align: center;\">Sch\u00f6ne Ferien und einen erholsamen Sommer!<\/p>\n<\/div><\/div><\/div><\/div><\/div><\/div><\/div><\/section><section class=\"l-section wpb_row us_custom_49f03bda height_medium\"><div class=\"l-section-overlay\" style=\"background:#f0e4f0\"><\/div><div class=\"l-section-h i-cf\"><div class=\"g-cols vc_row via_flex valign_top type_default stacking_default\"><div class=\"vc_col-sm-4 wpb_column vc_column_container\"><div class=\"vc_column-inner\"><div class=\"wpb_wrapper\"><div class=\"wpb_text_column\"><div class=\"wpb_wrapper\"><p style=\"text-align: center;\"><strong>14.03.2020<\/strong><\/p>\n<\/div><\/div><\/div><\/div><\/div><div class=\"vc_col-sm-4 wpb_column vc_column_container\"><div class=\"vc_column-inner\"><div class=\"wpb_wrapper\"><div class=\"w-image align_center\"><div class=\"w-image-h\"><img decoding=\"async\" width=\"300\" height=\"200\" src=\"https:\/\/new.rs-inmotion.de\/wordpress\/wp-content\/uploads\/nathan-dumlao-kDxqbAvEBwI-unsplash-300x200.jpg\" class=\"attachment-medium size-medium\" alt=\"\" loading=\"lazy\" srcset=\"https:\/\/new.rs-inmotion.de\/wordpress\/wp-content\/uploads\/nathan-dumlao-kDxqbAvEBwI-unsplash-300x200.jpg 300w, https:\/\/new.rs-inmotion.de\/wordpress\/wp-content\/uploads\/nathan-dumlao-kDxqbAvEBwI-unsplash-1024x683.jpg 1024w, https:\/\/new.rs-inmotion.de\/wordpress\/wp-content\/uploads\/nathan-dumlao-kDxqbAvEBwI-unsplash-1536x1024.jpg 1536w, https:\/\/new.rs-inmotion.de\/wordpress\/wp-content\/uploads\/nathan-dumlao-kDxqbAvEBwI-unsplash-2048x1365.jpg 2048w, https:\/\/new.rs-inmotion.de\/wordpress\/wp-content\/uploads\/nathan-dumlao-kDxqbAvEBwI-unsplash-420x280.jpg 420w\" sizes=\"auto, (max-width: 300px) 100vw, 300px\" \/><\/div><\/div><\/div><\/div><\/div><div class=\"vc_col-sm-4 wpb_column vc_column_container\"><div class=\"vc_column-inner\"><div class=\"wpb_wrapper\"><div class=\"wpb_text_column\"><div class=\"wpb_wrapper\"><h5 style=\"text-align: center;\"><strong>Corona Virus:<\/strong><\/h5>\n<h6 style=\"text-align: center;\">Ich akzeptiere derzeit auch kurzfristige Absagen der Behandlung. Bitte bleiben Sie zu Hause, wenn Sie erste Erk\u00e4ltungsanzeichen bemerken. Seien Sie so nett und sagen mir ab, damit ich nicht vergeblich warte. Ganz unkompliziert als Nachricht auf dem AB oder E-Mail. Bleiben Sie gesund und munter \ud83d\ude42<\/h6>\n<\/div><\/div><\/div><\/div><\/div><\/div><\/div><\/section><section class=\"l-section wpb_row us_custom_49f03bda height_medium\"><div class=\"l-section-overlay\" style=\"background:#ffffff\"><\/div><div class=\"l-section-h i-cf\"><div class=\"g-cols vc_row via_flex valign_top type_default stacking_default\"><div class=\"vc_col-sm-4 wpb_column vc_column_container\"><div class=\"vc_column-inner\"><div class=\"wpb_wrapper\"><div class=\"wpb_text_column\"><div class=\"wpb_wrapper\"><p style=\"text-align: center;\"><strong>01.03.2020<\/strong><\/p>\n<\/div><\/div><\/div><\/div><\/div><div class=\"vc_col-sm-4 wpb_column vc_column_container\"><div class=\"vc_column-inner\"><div class=\"wpb_wrapper\"><div class=\"w-image align_center\"><div class=\"w-image-h\"><img decoding=\"async\" width=\"300\" height=\"200\" src=\"https:\/\/new.rs-inmotion.de\/wordpress\/wp-content\/uploads\/lisa-woakes-meIntAXztBw-unsplash-300x200.jpg\" class=\"attachment-medium size-medium\" alt=\"\" loading=\"lazy\" srcset=\"https:\/\/new.rs-inmotion.de\/wordpress\/wp-content\/uploads\/lisa-woakes-meIntAXztBw-unsplash-300x200.jpg 300w, https:\/\/new.rs-inmotion.de\/wordpress\/wp-content\/uploads\/lisa-woakes-meIntAXztBw-unsplash-1024x683.jpg 1024w, https:\/\/new.rs-inmotion.de\/wordpress\/wp-content\/uploads\/lisa-woakes-meIntAXztBw-unsplash-1536x1024.jpg 1536w, https:\/\/new.rs-inmotion.de\/wordpress\/wp-content\/uploads\/lisa-woakes-meIntAXztBw-unsplash-2048x1365.jpg 2048w, https:\/\/new.rs-inmotion.de\/wordpress\/wp-content\/uploads\/lisa-woakes-meIntAXztBw-unsplash-420x280.jpg 420w\" sizes=\"auto, (max-width: 300px) 100vw, 300px\" \/><\/div><\/div><\/div><\/div><\/div><div class=\"vc_col-sm-4 wpb_column vc_column_container\"><div class=\"vc_column-inner\"><div class=\"wpb_wrapper\"><div class=\"wpb_text_column\"><div class=\"wpb_wrapper\"><h3 style=\"text-align: center;\"><strong>Fortbildung:<\/strong><\/h3>\n<h4 style=\"text-align: center;\">Triggerpunktbehandlung mittels Dry Needling<\/h4>\n<p style=\"text-align: center;\">vom 27.2. &#8211; 01.03. erfolgreich absolviert<\/p>\n<\/div><\/div><\/div><\/div><\/div><\/div><\/div><\/section><section class=\"l-section wpb_row us_custom_49f03bda height_medium\"><div class=\"l-section-h i-cf\"><div class=\"g-cols vc_row via_flex valign_top type_default stacking_default\"><div class=\"vc_col-sm-4 wpb_column vc_column_container\"><div class=\"vc_column-inner\"><div class=\"wpb_wrapper\"><div class=\"wpb_text_column\"><div class=\"wpb_wrapper\"><p style=\"text-align: center;\"><strong>01.01.2020<\/strong><\/p>\n<\/div><\/div><\/div><\/div><\/div><div class=\"vc_col-sm-4 wpb_column vc_column_container\"><div class=\"vc_column-inner\"><div class=\"wpb_wrapper\"><div class=\"w-image align_center\"><div class=\"w-image-h\"><img decoding=\"async\" width=\"300\" height=\"225\" src=\"https:\/\/new.rs-inmotion.de\/wordpress\/wp-content\/uploads\/jamie-street-d6kTMGXV6E-unsplash-300x225.jpg\" class=\"attachment-medium size-medium\" alt=\"\" loading=\"lazy\" srcset=\"https:\/\/new.rs-inmotion.de\/wordpress\/wp-content\/uploads\/jamie-street-d6kTMGXV6E-unsplash-300x225.jpg 300w, https:\/\/new.rs-inmotion.de\/wordpress\/wp-content\/uploads\/jamie-street-d6kTMGXV6E-unsplash-1024x768.jpg 1024w, https:\/\/new.rs-inmotion.de\/wordpress\/wp-content\/uploads\/jamie-street-d6kTMGXV6E-unsplash-1536x1152.jpg 1536w, https:\/\/new.rs-inmotion.de\/wordpress\/wp-content\/uploads\/jamie-street-d6kTMGXV6E-unsplash-2048x1536.jpg 2048w, https:\/\/new.rs-inmotion.de\/wordpress\/wp-content\/uploads\/jamie-street-d6kTMGXV6E-unsplash-400x300.jpg 400w\" sizes=\"auto, (max-width: 300px) 100vw, 300px\" \/><\/div><\/div><\/div><\/div><\/div><div class=\"vc_col-sm-4 wpb_column vc_column_container\"><div class=\"vc_column-inner\"><div class=\"wpb_wrapper\"><div class=\"wpb_text_column\"><div class=\"wpb_wrapper\"><h6 style=\"text-align: center;\"><strong><em>Ein frohes und gesundes neues Jahr voller kleiner und gro\u00dfer Freuden!<\/em><\/strong><\/h6>\n<\/div><\/div><\/div><\/div><\/div><\/div><\/div><\/section><section class=\"l-section wpb_row us_custom_49f03bda height_medium\"><div class=\"l-section-overlay\" style=\"background:#ffffff\"><\/div><div class=\"l-section-h i-cf\"><div class=\"g-cols vc_row via_flex valign_top type_default stacking_default\"><div class=\"vc_col-sm-4 wpb_column vc_column_container\"><div class=\"vc_column-inner\"><div class=\"wpb_wrapper\"><div class=\"wpb_text_column\"><div class=\"wpb_wrapper\"><p style=\"text-align: center;\"><strong>16.12.2019<\/strong><\/p>\n<\/div><\/div><\/div><\/div><\/div><div class=\"vc_col-sm-4 wpb_column vc_column_container\"><div class=\"vc_column-inner\"><div class=\"wpb_wrapper\"><div class=\"w-image align_center\"><div class=\"w-image-h\"><img decoding=\"async\" width=\"300\" height=\"200\" src=\"https:\/\/new.rs-inmotion.de\/wordpress\/wp-content\/uploads\/zan-zkRreQyOI7w-unsplash-300x200.jpg\" class=\"attachment-medium size-medium\" alt=\"\" loading=\"lazy\" srcset=\"https:\/\/new.rs-inmotion.de\/wordpress\/wp-content\/uploads\/zan-zkRreQyOI7w-unsplash-300x200.jpg 300w, https:\/\/new.rs-inmotion.de\/wordpress\/wp-content\/uploads\/zan-zkRreQyOI7w-unsplash-1024x683.jpg 1024w, https:\/\/new.rs-inmotion.de\/wordpress\/wp-content\/uploads\/zan-zkRreQyOI7w-unsplash-1536x1024.jpg 1536w, https:\/\/new.rs-inmotion.de\/wordpress\/wp-content\/uploads\/zan-zkRreQyOI7w-unsplash-2048x1365.jpg 2048w, https:\/\/new.rs-inmotion.de\/wordpress\/wp-content\/uploads\/zan-zkRreQyOI7w-unsplash-420x280.jpg 420w\" sizes=\"auto, (max-width: 300px) 100vw, 300px\" \/><\/div><\/div><\/div><\/div><\/div><div class=\"vc_col-sm-4 wpb_column vc_column_container\"><div class=\"vc_column-inner\"><div class=\"wpb_wrapper\"><div class=\"wpb_text_column\"><div class=\"wpb_wrapper\"><h6 style=\"text-align: center;\">Ich verabschiede mich in den Urlaub und w\u00fcnsche Ihnen eine fr\u00f6hliche und gem\u00fctliche Weihnachtszeit und einen guten Rutsch ins neue Jahr.<\/h6>\n<\/div><\/div><\/div><\/div><\/div><\/div><\/div><\/section><section class=\"l-section wpb_row us_custom_49f03bda height_medium\"><div class=\"l-section-h i-cf\"><div class=\"g-cols vc_row via_flex valign_top type_default stacking_default\"><div class=\"vc_col-sm-4 wpb_column vc_column_container\"><div class=\"vc_column-inner\"><div class=\"wpb_wrapper\"><div class=\"wpb_text_column\"><div class=\"wpb_wrapper\"><p style=\"text-align: center;\"><strong>04.10.2019<\/strong><\/p>\n<\/div><\/div><\/div><\/div><\/div><div class=\"vc_col-sm-4 wpb_column vc_column_container\"><div class=\"vc_column-inner\"><div class=\"wpb_wrapper\"><div class=\"w-image align_center\"><div class=\"w-image-h\"><img decoding=\"async\" width=\"300\" height=\"200\" src=\"https:\/\/new.rs-inmotion.de\/wordpress\/wp-content\/uploads\/IMG_9695-300x200.jpg\" class=\"attachment-medium size-medium\" alt=\"\" loading=\"lazy\" srcset=\"https:\/\/new.rs-inmotion.de\/wordpress\/wp-content\/uploads\/IMG_9695-300x200.jpg 300w, https:\/\/new.rs-inmotion.de\/wordpress\/wp-content\/uploads\/IMG_9695-1024x683.jpg 1024w, https:\/\/new.rs-inmotion.de\/wordpress\/wp-content\/uploads\/IMG_9695-1536x1024.jpg 1536w, https:\/\/new.rs-inmotion.de\/wordpress\/wp-content\/uploads\/IMG_9695-2048x1365.jpg 2048w, https:\/\/new.rs-inmotion.de\/wordpress\/wp-content\/uploads\/IMG_9695-420x280.jpg 420w\" sizes=\"auto, (max-width: 300px) 100vw, 300px\" \/><\/div><\/div><\/div><\/div><\/div><div class=\"vc_col-sm-4 wpb_column vc_column_container\"><div class=\"vc_column-inner\"><div class=\"wpb_wrapper\"><div class=\"wpb_text_column\"><div class=\"wpb_wrapper\"><h4 style=\"text-align: center;\"><strong>Herbstangebot :<\/strong><\/h4>\n<h6 style=\"text-align: center;\">4x Fango + Massage zum Preis von 3 Vielleicht auch ein sch\u00f6nes Weihnachtsgeschenk?!<\/h6>\n<p style=\"text-align: center;\">G\u00fcltig bis 23.12. (auch als Gutschein)<\/p>\n<\/div><\/div><\/div><\/div><\/div><\/div><\/div><\/section><section class=\"l-section wpb_row us_custom_49f03bda height_medium\"><div class=\"l-section-overlay\" style=\"background:#ffffff\"><\/div><div class=\"l-section-h i-cf\"><div class=\"g-cols vc_row via_flex valign_top type_default stacking_default\"><div class=\"vc_col-sm-4 wpb_column vc_column_container\"><div class=\"vc_column-inner\"><div class=\"wpb_wrapper\"><div class=\"wpb_text_column\"><div class=\"wpb_wrapper\"><p style=\"text-align: center;\"><strong>09.09.2019<\/strong><\/p>\n<\/div><\/div><\/div><\/div><\/div><div class=\"vc_col-sm-4 wpb_column vc_column_container\"><div class=\"vc_column-inner\"><div class=\"wpb_wrapper\"><div class=\"w-image align_center\"><div class=\"w-image-h\"><img decoding=\"async\" width=\"300\" height=\"189\" src=\"https:\/\/new.rs-inmotion.de\/wordpress\/wp-content\/uploads\/kelly-sikkema-4le7k9XVYjE-unsplash-300x189.jpg\" class=\"attachment-medium size-medium\" alt=\"\" loading=\"lazy\" srcset=\"https:\/\/new.rs-inmotion.de\/wordpress\/wp-content\/uploads\/kelly-sikkema-4le7k9XVYjE-unsplash-300x189.jpg 300w, https:\/\/new.rs-inmotion.de\/wordpress\/wp-content\/uploads\/kelly-sikkema-4le7k9XVYjE-unsplash-1024x644.jpg 1024w, https:\/\/new.rs-inmotion.de\/wordpress\/wp-content\/uploads\/kelly-sikkema-4le7k9XVYjE-unsplash-1536x967.jpg 1536w, https:\/\/new.rs-inmotion.de\/wordpress\/wp-content\/uploads\/kelly-sikkema-4le7k9XVYjE-unsplash-2048x1289.jpg 2048w, https:\/\/new.rs-inmotion.de\/wordpress\/wp-content\/uploads\/kelly-sikkema-4le7k9XVYjE-unsplash-420x264.jpg 420w\" sizes=\"auto, (max-width: 300px) 100vw, 300px\" \/><\/div><\/div><\/div><\/div><\/div><div class=\"vc_col-sm-4 wpb_column vc_column_container\"><div class=\"vc_column-inner\"><div class=\"wpb_wrapper\"><div class=\"wpb_text_column\"><div class=\"wpb_wrapper\"><h4 style=\"text-align: center;\"><strong>Er\u00f6ffnungsangebot :<\/strong><\/h4>\n<h6 style=\"text-align: center;\">4 Massagen zum Preis von 3<\/h6>\n<p style=\"text-align: center;\">G\u00fcltig bis 30.09. (auch als Gutschein)<\/p>\n<\/div><\/div><\/div><\/div><\/div><\/div><\/div><\/section><section class=\"l-section wpb_row us_custom_49f03bda height_medium\"><div class=\"l-section-h i-cf\"><div class=\"g-cols vc_row via_flex valign_top type_default stacking_default\"><div class=\"vc_col-sm-4 wpb_column vc_column_container\"><div class=\"vc_column-inner\"><div class=\"wpb_wrapper\"><div class=\"wpb_text_column\"><div class=\"wpb_wrapper\"><p style=\"text-align: center;\"><strong>06.09.2019<\/strong><\/p>\n<\/div><\/div><\/div><\/div><\/div><div class=\"vc_col-sm-4 wpb_column vc_column_container\"><div class=\"vc_column-inner\"><div class=\"wpb_wrapper\"><div class=\"w-image align_center\"><div class=\"w-image-h\"><img decoding=\"async\" width=\"300\" height=\"200\" src=\"https:\/\/new.rs-inmotion.de\/wordpress\/wp-content\/uploads\/Flyer-300x200.jpg\" class=\"attachment-medium size-medium\" alt=\"\" loading=\"lazy\" srcset=\"https:\/\/new.rs-inmotion.de\/wordpress\/wp-content\/uploads\/Flyer-300x200.jpg 300w, https:\/\/new.rs-inmotion.de\/wordpress\/wp-content\/uploads\/Flyer-1024x683.jpg 1024w, https:\/\/new.rs-inmotion.de\/wordpress\/wp-content\/uploads\/Flyer-1536x1024.jpg 1536w, https:\/\/new.rs-inmotion.de\/wordpress\/wp-content\/uploads\/Flyer-2048x1365.jpg 2048w, https:\/\/new.rs-inmotion.de\/wordpress\/wp-content\/uploads\/Flyer-420x280.jpg 420w\" sizes=\"auto, (max-width: 300px) 100vw, 300px\" \/><\/div><\/div><\/div><\/div><\/div><div class=\"vc_col-sm-4 wpb_column vc_column_container\"><div class=\"vc_column-inner\"><div class=\"wpb_wrapper\"><div class=\"wpb_text_column\"><div class=\"wpb_wrapper\"><h4 style=\"text-align: center;\">Die neuen Flyer sind da und sie sind TOLL geworden!<\/h4>\n<\/div><\/div><\/div><\/div><\/div><\/div><\/div><\/section><section class=\"l-section wpb_row us_custom_49f03bda height_medium\"><div class=\"l-section-overlay\" style=\"background:#ffffff\"><\/div><div class=\"l-section-h i-cf\"><div class=\"g-cols vc_row via_flex valign_top type_default stacking_default\"><div class=\"vc_col-sm-4 wpb_column vc_column_container\"><div class=\"vc_column-inner\"><div class=\"wpb_wrapper\"><div class=\"wpb_text_column\"><div class=\"wpb_wrapper\"><p style=\"text-align: center;\"><strong>01.09.2019<\/strong><\/p>\n<\/div><\/div><\/div><\/div><\/div><div class=\"vc_col-sm-4 wpb_column vc_column_container\"><div class=\"vc_column-inner\"><div class=\"wpb_wrapper\"><div class=\"w-image align_center\"><div class=\"w-image-h\"><img decoding=\"async\" width=\"300\" height=\"200\" src=\"https:\/\/new.rs-inmotion.de\/wordpress\/wp-content\/uploads\/IMG_9562-300x200.jpg\" class=\"attachment-medium size-medium\" alt=\"\" loading=\"lazy\" srcset=\"https:\/\/new.rs-inmotion.de\/wordpress\/wp-content\/uploads\/IMG_9562-300x200.jpg 300w, https:\/\/new.rs-inmotion.de\/wordpress\/wp-content\/uploads\/IMG_9562-1024x683.jpg 1024w, https:\/\/new.rs-inmotion.de\/wordpress\/wp-content\/uploads\/IMG_9562-1536x1024.jpg 1536w, https:\/\/new.rs-inmotion.de\/wordpress\/wp-content\/uploads\/IMG_9562-2048x1365.jpg 2048w, https:\/\/new.rs-inmotion.de\/wordpress\/wp-content\/uploads\/IMG_9562-420x280.jpg 420w\" sizes=\"auto, (max-width: 300px) 100vw, 300px\" \/><\/div><\/div><\/div><\/div><\/div><div class=\"vc_col-sm-4 wpb_column vc_column_container\"><div class=\"vc_column-inner\"><div class=\"wpb_wrapper\"><div class=\"wpb_text_column\"><div class=\"wpb_wrapper\"><h5 style=\"text-align: center;\"><strong>Endlich ist es soweit! Praxiser\u00f6ffnung am 07.09.!!!<\/strong><\/h5>\n<h6 style=\"text-align: center;\">Ich freue mich auf Ihren Besuch in meinen neuen R\u00e4umlichkeiten in Rheinfeld.<\/h6>\n<\/div><\/div><\/div><\/div><\/div><\/div><\/div><\/section>\n","protected":false},"excerpt":{"rendered":"06.01.2025 Darf ich vorstellen: meine erste feste Mitarbeiterin! Die liebe Simone wird mich ab sofort in der Praxis unterst\u00fctzen. Herzlich Willkommen! 17.10.2024 Die \u00a0Hautgesundheit ist ein echtes Herzensthema geworden, sodass ich mich in diesem Bereich nochmals intensiv fortgebildet habe \ud83d\ude42 05.09.2024 Ich arbeite gerade an einem begleiteten Onlinekurs zum Thema: ganzheitliche Behandlung von Rosacea. Hier...","protected":false},"author":1,"featured_media":0,"parent":0,"menu_order":0,"comment_status":"closed","ping_status":"closed","template":"","meta":{"footnotes":""},"class_list":["post-678","page","type-page","status-publish","hentry"],"_links":{"self":[{"href":"https:\/\/new.rs-inmotion.de\/wordpress\/wp-json\/wp\/v2\/pages\/678","targetHints":{"allow":["GET"]}}],"collection":[{"href":"https:\/\/new.rs-inmotion.de\/wordpress\/wp-json\/wp\/v2\/pages"}],"about":[{"href":"https:\/\/new.rs-inmotion.de\/wordpress\/wp-json\/wp\/v2\/types\/page"}],"author":[{"embeddable":true,"href":"https:\/\/new.rs-inmotion.de\/wordpress\/wp-json\/wp\/v2\/users\/1"}],"replies":[{"embeddable":true,"href":"https:\/\/new.rs-inmotion.de\/wordpress\/wp-json\/wp\/v2\/comments?post=678"}],"version-history":[{"count":126,"href":"https:\/\/new.rs-inmotion.de\/wordpress\/wp-json\/wp\/v2\/pages\/678\/revisions"}],"predecessor-version":[{"id":1062,"href":"https:\/\/new.rs-inmotion.de\/wordpress\/wp-json\/wp\/v2\/pages\/678\/revisions\/1062"}],"wp:attachment":[{"href":"https:\/\/new.rs-inmotion.de\/wordpress\/wp-json\/wp\/v2\/media?parent=678"}],"curies":[{"name":"wp","href":"https:\/\/api.w.org\/{rel}","templated":true}]}}